{"id":85,"date":"2018-07-16T21:54:30","date_gmt":"2018-07-16T20:54:30","guid":{"rendered":"http:\/\/195.199.208.92\/?page_id=85"},"modified":"2022-09-23T14:33:07","modified_gmt":"2022-09-23T12:33:07","slug":"lelkiseg","status":"publish","type":"page","link":"https:\/\/ferencesgimnazium.hu\/index.php\/lelkiseg\/","title":{"rendered":"Lelkis\u00e9g"},"content":{"rendered":"<p style=\"text-align: justify;\"><a href=\"https:\/\/ferencesgimnazium.hu\/wp-content\/uploads\/2020\/10\/Ballag\u00e1s.jpg\"><img loading=\"lazy\" decoding=\"async\" class=\"size-medium wp-image-2705 alignleft\" src=\"https:\/\/ferencesgimnazium.hu\/wp-content\/uploads\/2020\/10\/Ballag\u00e1s-300x200.jpg\" alt=\"\" width=\"300\" height=\"200\" srcset=\"https:\/\/ferencesgimnazium.hu\/wp-content\/uploads\/2020\/10\/Ballag\u00e1s-300x200.jpg 300w, https:\/\/ferencesgimnazium.hu\/wp-content\/uploads\/2020\/10\/Ballag\u00e1s-1024x683.jpg 1024w, https:\/\/ferencesgimnazium.hu\/wp-content\/uploads\/2020\/10\/Ballag\u00e1s-768x512.jpg 768w, https:\/\/ferencesgimnazium.hu\/wp-content\/uploads\/2020\/10\/Ballag\u00e1s-1536x1024.jpg 1536w, https:\/\/ferencesgimnazium.hu\/wp-content\/uploads\/2020\/10\/Ballag\u00e1s-2048x1366.jpg 2048w, https:\/\/ferencesgimnazium.hu\/wp-content\/uploads\/2020\/10\/Ballag\u00e1s-830x553.jpg 830w, https:\/\/ferencesgimnazium.hu\/wp-content\/uploads\/2020\/10\/Ballag\u00e1s-230x153.jpg 230w, https:\/\/ferencesgimnazium.hu\/wp-content\/uploads\/2020\/10\/Ballag\u00e1s-350x233.jpg 350w, https:\/\/ferencesgimnazium.hu\/wp-content\/uploads\/2020\/10\/Ballag\u00e1s-480x320.jpg 480w\" sizes=\"auto, (max-width: 300px) 100vw, 300px\" \/><\/a><\/p>\n<p style=\"text-align: justify;\">Iskol\u00e1nk \u2013 mint katolikus gimn\u00e1zium \u2013 Szent Ferenc lelk\u00fclet\u00e9vel igyekszik oktatni, nevelni az ifj\u00fas\u00e1got. A vall\u00e1sos nevel\u00e9s heti rendszeress\u00e9ggel jelentkezik a hitoktat\u00e1sban, ahol a katolikus hitet a tud\u00e1s, a kult\u00fara \u00e9s az \u00e9let egys\u00e9g\u00e9ben mutatjuk be. C\u00e9lunk, hogy a fiatalok a tanultakat a hit f\u00e9ny\u00e9ben \u00e9rtelmezz\u00e9k, \u00e9s azt \u00fcltess\u00e9k \u00e1t a gyakorlatba. Fontos sz\u00e1munkra, hogy az Eucharisztia \u00fcnnepl\u00e9se \u00e1ltal legyen hit\u00fcnk \u00e9l\u0151, ez\u00e9rt az oszt\u00e1lyok \u00e9vfolyamukkal minden h\u00e9ten k\u00f6z\u00f6s szentmis\u00e9n vesznek r\u00e9szt.<\/p>\n<p style=\"text-align: justify;\">A hitoktat\u00e1s, a lelkigyakorlatok, lelki napok, k\u00f6z\u00f6s im\u00e1ds\u00e1gok els\u0151dleges c\u00e9lja a szem\u00e9lyes istenkapcsolat kialak\u00edt\u00e1sa \u00e9s elm\u00e9ly\u00edt\u00e9se. Ebben a folyamatban \u2013 tekintettel a tanul\u00f3k \u00e9letkori saj\u00e1toss\u00e1gaira \u2013 m\u00f3dszereink lelki fejletts\u00e9g\u00fck szintj\u00e9hez igazodnak. \u00d6r\u00f6m\u00fcnkre szolg\u00e1l, hogy di\u00e1kjaink k\u00f6z\u00fcl t\u00f6bben akt\u00edvan bekapcsol\u00f3dnak saj\u00e1t pl\u00e9b\u00e1ni\u00e1juk, k\u00f6z\u00f6ss\u00e9g\u00fck \u00e9let\u00e9be, t\u00f6bb di\u00e1kunk lesz cserk\u00e9szvezet\u0151. Sok esetben az iskola ad helysz\u00ednt egy\u00e9b lelkigyakorlatoknak, gy\u0171l\u00e9seknek, cserk\u00e9sz rendezv\u00e9nyeknek.<\/p>\n<p style=\"text-align: justify;\">Iskol\u00e1nkban a tan\u00e9v sor\u00e1n t\u00f6bb alkalom is k\u00edn\u00e1lkozik, hogy a di\u00e1kok a lelki \u00e9let\u00fckben, \u00f6nmaguk megismer\u00e9s\u00e9ben, Istennel val\u00f3 kapcsolatukban elm\u00e9ly\u00fcljenek, k\u00e9rd\u00e9seiket tiszt\u00e1zz\u00e1k.<\/p>\n<p><strong>\u00c9vfolyammis\u00e9k:<br \/>\n<\/strong>Heti rendszeress\u00e9ggel, \u00e9vfolyamszinten, az iskola k\u00e1poln\u00e1j\u00e1ban. Zenei \u00e9s ministr\u00e1ns szolg\u00e1latot az adott \u00e9vfolyam l\u00e1tja el.<\/p>\n<p><strong>Hittan\u00f3r\u00e1k:<br \/>\n<\/strong>Hetente k\u00e9tszer, az oszt\u00e1ly fi\u00fa &#8211; l\u00e1ny csoportbont\u00e1sban. T\u00e9mak\u00f6r\u00f6k: Szent\u00edr\u00e1s, Dogmatika, Erk\u00f6lcstan, Alapvet\u0151 hittan.<\/p>\n<p><strong><a href=\"https:\/\/ferencesgimnazium.hu\/wp-content\/uploads\/2022\/09\/assisi-1.jpg\"><img loading=\"lazy\" decoding=\"async\" class=\"size-medium wp-image-3285 alignright\" src=\"https:\/\/ferencesgimnazium.hu\/wp-content\/uploads\/2022\/09\/assisi-1-300x228.jpg\" alt=\"\" width=\"300\" height=\"228\" srcset=\"https:\/\/ferencesgimnazium.hu\/wp-content\/uploads\/2022\/09\/assisi-1-300x228.jpg 300w, https:\/\/ferencesgimnazium.hu\/wp-content\/uploads\/2022\/09\/assisi-1-1024x780.jpg 1024w, https:\/\/ferencesgimnazium.hu\/wp-content\/uploads\/2022\/09\/assisi-1-768x585.jpg 768w, https:\/\/ferencesgimnazium.hu\/wp-content\/uploads\/2022\/09\/assisi-1-830x632.jpg 830w, https:\/\/ferencesgimnazium.hu\/wp-content\/uploads\/2022\/09\/assisi-1-230x175.jpg 230w, https:\/\/ferencesgimnazium.hu\/wp-content\/uploads\/2022\/09\/assisi-1-350x267.jpg 350w, https:\/\/ferencesgimnazium.hu\/wp-content\/uploads\/2022\/09\/assisi-1-480x366.jpg 480w, https:\/\/ferencesgimnazium.hu\/wp-content\/uploads\/2022\/09\/assisi-1.jpg 1065w\" sizes=\"auto, (max-width: 300px) 100vw, 300px\" \/><\/a>\u00c9ves, oszt\u00e1lyszint\u0171 lelkigyakorlatok:<br \/>\n<\/strong>Minden \u00e9vben, lehet\u0151leg Szent Ferenc \u00fcnnep\u00e9hez kapcsol\u00f3d\u00f3an h\u00e1rom napos lelkigyakorlatot szervez\u00fcnk. A lelkigyakorlatra lehet\u0151s\u00e9g szerint elvonulunk, hogy zavartalanul foglalkozhassunk szellemi, lelki dolgainkkal. Ez egy\u00fattal mindig lehet\u0151s\u00e9get is teremt arra, hogy oszt\u00e1lyk\u00f6z\u00f6ss\u00e9g\u00fcnk tagjai k\u00f6zelebb ker\u00fcljenek egym\u00e1shoz. Az oszt\u00e1lyonk\u00e9nti lelkigyakorlatot k\u00f6z\u00f6s b\u0171nb\u00e1nati alakalom, gy\u00f3n\u00e1si lehet\u0151s\u00e9g \u00e9s mise z\u00e1rja.<\/p>\n<p><strong>Iskolai lelkinapok:<br \/>\n<\/strong>Ezen k\u00edv\u00fcl kar\u00e1csony \u00e9s h\u00fasv\u00e9t el\u0151tt az iskol\u00e1ban tartunk egynapos lelkinapokat. Ezeken az alkalmakon mindig van el\u0151ad\u00e1s, csend, elm\u00e9lked\u00e9sre, gy\u00f3n\u00e1sra lehet\u0151s\u00e9g, szentmise. Ezekre az alkalmakra mindig sz\u00fcks\u00e9g van f\u00fczetre, tollra, Szent\u00edr\u00e1sra.<\/p>\n<p style=\"text-align: justify;\"><u>Mindezekhez j\u00f3tan\u00e1cs:<br \/>\n<\/u>Egy lelkigyakorlat, lelkinap annyiban sikeres, amennyiben a J\u00f3istenhez, \u00e9s rajta kereszt\u00fcl magadhoz ill. m\u00e1sokhoz k\u00f6zelebb tudsz ker\u00fclni. Ehhez viszont arra van sz\u00fcks\u00e9g, hogy vedd komolyan azokat az alkalmakat, amikor csendet kell teremteni. Nem a csend \u00f6nmag\u00e1ban az \u00e9rt\u00e9k, de csak \u00edgy van lehet\u0151s\u00e9ged, hogy Istennel, \u00f6nmagaddal szemben\u00e9zz.<\/p>\n<p style=\"text-align: justify;\"><a href=\"https:\/\/ferencesgimnazium.hu\/wp-content\/uploads\/2020\/10\/Napporta_SZE_2019_003-scaled.jpg\"><img loading=\"lazy\" decoding=\"async\" class=\"size-medium wp-image-2706 alignright\" src=\"https:\/\/ferencesgimnazium.hu\/wp-content\/uploads\/2020\/10\/Napporta_SZE_2019_003-300x225.jpg\" alt=\"\" width=\"300\" height=\"225\" srcset=\"https:\/\/ferencesgimnazium.hu\/wp-content\/uploads\/2020\/10\/Napporta_SZE_2019_003-300x225.jpg 300w, https:\/\/ferencesgimnazium.hu\/wp-content\/uploads\/2020\/10\/Napporta_SZE_2019_003-1024x768.jpg 1024w, https:\/\/ferencesgimnazium.hu\/wp-content\/uploads\/2020\/10\/Napporta_SZE_2019_003-768x576.jpg 768w, https:\/\/ferencesgimnazium.hu\/wp-content\/uploads\/2020\/10\/Napporta_SZE_2019_003-1536x1152.jpg 1536w, https:\/\/ferencesgimnazium.hu\/wp-content\/uploads\/2020\/10\/Napporta_SZE_2019_003-2048x1536.jpg 2048w, https:\/\/ferencesgimnazium.hu\/wp-content\/uploads\/2020\/10\/Napporta_SZE_2019_003-830x623.jpg 830w, https:\/\/ferencesgimnazium.hu\/wp-content\/uploads\/2020\/10\/Napporta_SZE_2019_003-230x173.jpg 230w, https:\/\/ferencesgimnazium.hu\/wp-content\/uploads\/2020\/10\/Napporta_SZE_2019_003-350x263.jpg 350w, https:\/\/ferencesgimnazium.hu\/wp-content\/uploads\/2020\/10\/Napporta_SZE_2019_003-480x360.jpg 480w\" sizes=\"auto, (max-width: 300px) 100vw, 300px\" \/><\/a>Iskol\u00e1nkban a tan\u00e9v sor\u00e1n t\u00f6bb alkalom is k\u00edn\u00e1lkozik, hogy a di\u00e1kok a lelki \u00e9let\u00fckben, \u00f6nmaguk megismer\u00e9s\u00e9ben, Istennel val\u00f3 kapcsolatukban elm\u00e9ly\u00fcljenek, k\u00e9rd\u00e9seiket tiszt\u00e1zz\u00e1k.<\/p>\n<p style=\"text-align: justify;\"><span style=\"text-decoration: underline;\">Szent Ferenc \u00fcnnep\u00e9hez kapcsol\u00f3d\u00f3 lelkigyakorlat:<br \/>\n<\/span>Minden \u00e9vben Szent Ferenc \u00fcnnep\u00e9hez kapcsol\u00f3d\u00f3an, okt\u00f3ber elej\u00e9n h\u00e1rom napos lelkigyakorlatot szervez\u00fcnk. A lelkigyakorlatra lehet\u0151s\u00e9g szerint elvonulunk, hogy zavartalanul foglalkozhassunk szellemi, lelki dolgainkkal. Ez egy\u00fattal mindig lehet\u0151s\u00e9get is teremt arra, hogy oszt\u00e1lyk\u00f6z\u00f6ss\u00e9g\u00fcnk tagjai k\u00f6zelebb ker\u00fcljenek egym\u00e1shoz. Az oszt\u00e1lyonk\u00e9nti lelkigyakorlatot k\u00f6z\u00f6s b\u0171nb\u00e1nati alakalom, gy\u00f3n\u00e1si lehet\u0151s\u00e9g \u00e9s mise z\u00e1rja.<\/p>\n<p><span style=\"text-decoration: underline;\">Lelkinapok:<br \/>\n<\/span>Ezen k\u00edv\u00fcl kar\u00e1csony \u00e9s h\u00fasv\u00e9t el\u0151tt az iskol\u00e1ban tartunk lelkinapot, ami \u00e9rtelemszer\u0171en egynapos. Ezeken az alkalmakon mindig van el\u0151ad\u00e1s, csend, elm\u00e9lked\u00e9sre, gy\u00f3n\u00e1sra lehet\u0151s\u00e9g, szentmise. Ezekre az alkalmakra mindig sz\u00fcks\u00e9g van f\u00fczetre, tollra, Szent\u00edr\u00e1sra.<\/p>\n<p style=\"text-align: justify;\">Egy lelkigyakorlat annyiban sikeres, amennyiben a J\u00f3istenhez, \u00e9s rajta kereszt\u00fcl magadhoz ill. m\u00e1sokhoz k\u00f6zelebb tudsz ker\u00fclni. Ehhez viszont arra van sz\u00fcks\u00e9g, hogy vedd komolyan azokat az alkalmakat, amikor csendet kell teremteni. Nem a csend \u00f6nmag\u00e1ban az \u00e9rt\u00e9k, de csak \u00edgy van lehet\u0151s\u00e9ged, hogy Istennel, \u00f6nmagaddal szemben\u00e9zz.<\/p>\n","protected":false},"excerpt":{"rendered":"<p>Iskol\u00e1nk \u2013 mint katolikus gimn\u00e1zium \u2013 Szent Ferenc lelk\u00fclet\u00e9vel igyekszik oktatni, nevelni az ifj\u00fas\u00e1got. A vall\u00e1sos nevel\u00e9s heti rendszeress\u00e9ggel jelentkezik [&hellip;]<\/p>\n","protected":false},"author":2,"featured_media":0,"parent":0,"menu_order":0,"comment_status":"closed","ping_status":"closed","template":"","meta":{"ngg_post_thumbnail":0,"footnotes":""},"class_list":["post-85","page","type-page","status-publish","hentry"],"_links":{"self":[{"href":"https:\/\/ferencesgimnazium.hu\/index.php\/wp-json\/wp\/v2\/pages\/85","targetHints":{"allow":["GET"]}}],"collection":[{"href":"https:\/\/ferencesgimnazium.hu\/index.php\/wp-json\/wp\/v2\/pages"}],"about":[{"href":"https:\/\/ferencesgimnazium.hu\/index.php\/wp-json\/wp\/v2\/types\/page"}],"author":[{"embeddable":true,"href":"https:\/\/ferencesgimnazium.hu\/index.php\/wp-json\/wp\/v2\/users\/2"}],"replies":[{"embeddable":true,"href":"https:\/\/ferencesgimnazium.hu\/index.php\/wp-json\/wp\/v2\/comments?post=85"}],"version-history":[{"count":5,"href":"https:\/\/ferencesgimnazium.hu\/index.php\/wp-json\/wp\/v2\/pages\/85\/revisions"}],"predecessor-version":[{"id":3289,"href":"https:\/\/ferencesgimnazium.hu\/index.php\/wp-json\/wp\/v2\/pages\/85\/revisions\/3289"}],"wp:attachment":[{"href":"https:\/\/ferencesgimnazium.hu\/index.php\/wp-json\/wp\/v2\/media?parent=85"}],"curies":[{"name":"wp","href":"https:\/\/api.w.org\/{rel}","templated":true}]}}