{"id":317,"date":"2018-08-16T17:39:23","date_gmt":"2018-08-16T16:39:23","guid":{"rendered":"http:\/\/195.199.208.92\/?page_id=317"},"modified":"2019-01-18T10:54:42","modified_gmt":"2019-01-18T09:54:42","slug":"erasmuska2","status":"publish","type":"page","link":"https:\/\/ferencesgimnazium.hu\/index.php\/erasmuska2\/","title":{"rendered":"Erasmus+KA2"},"content":{"rendered":"<p><span style=\"font-size: 18pt;\"><strong>T\u00f6r\u00f6korsz\u00e1g &#8211; 2018. janu\u00e1r<\/strong><\/span><\/p>\n<div id='gallery-1' class='gallery galleryid-317 gallery-columns-2 gallery-size-medium'><figure class='gallery-item'>\n\t\t\t<div class='gallery-icon landscape'>\n\t\t\t\t<a href='https:\/\/ferencesgimnazium.hu\/wp-content\/uploads\/2018\/08\/erasmus-2.jpg'><img loading=\"lazy\" decoding=\"async\" width=\"300\" height=\"225\" src=\"https:\/\/ferencesgimnazium.hu\/wp-content\/uploads\/2018\/08\/erasmus-2-300x225.jpg\" class=\"attachment-medium size-medium\" alt=\"\" srcset=\"https:\/\/ferencesgimnazium.hu\/wp-content\/uploads\/2018\/08\/erasmus-2-300x225.jpg 300w, https:\/\/ferencesgimnazium.hu\/wp-content\/uploads\/2018\/08\/erasmus-2-768x576.jpg 768w, https:\/\/ferencesgimnazium.hu\/wp-content\/uploads\/2018\/08\/erasmus-2-230x173.jpg 230w, https:\/\/ferencesgimnazium.hu\/wp-content\/uploads\/2018\/08\/erasmus-2-350x263.jpg 350w, https:\/\/ferencesgimnazium.hu\/wp-content\/uploads\/2018\/08\/erasmus-2-480x360.jpg 480w, https:\/\/ferencesgimnazium.hu\/wp-content\/uploads\/2018\/08\/erasmus-2.jpg 800w\" sizes=\"auto, (max-width: 300px) 100vw, 300px\" \/><\/a>\n\t\t\t<\/div><\/figure><figure class='gallery-item'>\n\t\t\t<div class='gallery-icon landscape'>\n\t\t\t\t<a href='https:\/\/ferencesgimnazium.hu\/wp-content\/uploads\/2018\/08\/Erasmus3.jpg'><img loading=\"lazy\" decoding=\"async\" width=\"300\" height=\"225\" src=\"https:\/\/ferencesgimnazium.hu\/wp-content\/uploads\/2018\/08\/Erasmus3-300x225.jpg\" class=\"attachment-medium size-medium\" alt=\"\" srcset=\"https:\/\/ferencesgimnazium.hu\/wp-content\/uploads\/2018\/08\/Erasmus3-300x225.jpg 300w, https:\/\/ferencesgimnazium.hu\/wp-content\/uploads\/2018\/08\/Erasmus3-230x172.jpg 230w, https:\/\/ferencesgimnazium.hu\/wp-content\/uploads\/2018\/08\/Erasmus3-350x262.jpg 350w, https:\/\/ferencesgimnazium.hu\/wp-content\/uploads\/2018\/08\/Erasmus3-480x360.jpg 480w, https:\/\/ferencesgimnazium.hu\/wp-content\/uploads\/2018\/08\/Erasmus3.jpg 767w\" sizes=\"auto, (max-width: 300px) 100vw, 300px\" \/><\/a>\n\t\t\t<\/div><\/figure><figure class='gallery-item'>\n\t\t\t<div class='gallery-icon landscape'>\n\t\t\t\t<a href='https:\/\/ferencesgimnazium.hu\/wp-content\/uploads\/2018\/08\/Erasmus1.jpg'><img loading=\"lazy\" decoding=\"async\" width=\"300\" height=\"225\" src=\"https:\/\/ferencesgimnazium.hu\/wp-content\/uploads\/2018\/08\/Erasmus1-300x225.jpg\" class=\"attachment-medium size-medium\" alt=\"\" srcset=\"https:\/\/ferencesgimnazium.hu\/wp-content\/uploads\/2018\/08\/Erasmus1-300x225.jpg 300w, https:\/\/ferencesgimnazium.hu\/wp-content\/uploads\/2018\/08\/Erasmus1-768x576.jpg 768w, https:\/\/ferencesgimnazium.hu\/wp-content\/uploads\/2018\/08\/Erasmus1-230x173.jpg 230w, https:\/\/ferencesgimnazium.hu\/wp-content\/uploads\/2018\/08\/Erasmus1-350x263.jpg 350w, https:\/\/ferencesgimnazium.hu\/wp-content\/uploads\/2018\/08\/Erasmus1-480x360.jpg 480w, https:\/\/ferencesgimnazium.hu\/wp-content\/uploads\/2018\/08\/Erasmus1.jpg 800w\" sizes=\"auto, (max-width: 300px) 100vw, 300px\" \/><\/a>\n\t\t\t<\/div><\/figure><figure class='gallery-item'>\n\t\t\t<div class='gallery-icon landscape'>\n\t\t\t\t<a href='https:\/\/ferencesgimnazium.hu\/wp-content\/uploads\/2019\/01\/STEM-TURKEY.png'><img loading=\"lazy\" decoding=\"async\" width=\"300\" height=\"214\" src=\"https:\/\/ferencesgimnazium.hu\/wp-content\/uploads\/2019\/01\/STEM-TURKEY-300x214.png\" class=\"attachment-medium size-medium\" alt=\"\" srcset=\"https:\/\/ferencesgimnazium.hu\/wp-content\/uploads\/2019\/01\/STEM-TURKEY-300x214.png 300w, https:\/\/ferencesgimnazium.hu\/wp-content\/uploads\/2019\/01\/STEM-TURKEY-768x547.png 768w, https:\/\/ferencesgimnazium.hu\/wp-content\/uploads\/2019\/01\/STEM-TURKEY-1024x730.png 1024w, https:\/\/ferencesgimnazium.hu\/wp-content\/uploads\/2019\/01\/STEM-TURKEY-830x591.png 830w, https:\/\/ferencesgimnazium.hu\/wp-content\/uploads\/2019\/01\/STEM-TURKEY-230x164.png 230w, https:\/\/ferencesgimnazium.hu\/wp-content\/uploads\/2019\/01\/STEM-TURKEY-350x249.png 350w, https:\/\/ferencesgimnazium.hu\/wp-content\/uploads\/2019\/01\/STEM-TURKEY-480x342.png 480w, https:\/\/ferencesgimnazium.hu\/wp-content\/uploads\/2019\/01\/STEM-TURKEY.png 1071w\" sizes=\"auto, (max-width: 300px) 100vw, 300px\" \/><\/a>\n\t\t\t<\/div><\/figure>\n\t\t<\/div>\n\n<p style=\"text-align: justify;\">P\u00e1r hete az Erasmus+ program keretein bel\u00fcl a magyar deleg\u00e1ci\u00f3 kint j\u00e1rt Denizliben, egy ny\u00fczsg\u0151, de bar\u00e1ts\u00e1gos t\u00f6r\u00f6k v\u00e1rosban. H\u00e1rman v\u00e1gtunk neki a hossz\u00fa \u00fatnak k\u00e9t tan\u00e1runk k\u00eds\u00e9ret\u00e9ben. M\u00e1r az oda\u00fat is j\u00f3 hangulatban telt, borzaszt\u00f3an k\u00edv\u00e1ncsiak voltunk, hogy vajon mi v\u00e1r r\u00e1nk: milyen lesz a t\u00e1rsas\u00e1g, a program \u00e9s persze az \u00e9telek? Azt hiszem egyikben sem csal\u00f3dtunk! \u00d3ri\u00e1si \u00e9lm\u00e9ny volt megtapasztalni egy teljesen idegen kult\u00far\u00e1t, m\u00e9g akkor is, ha az els\u0151 benyom\u00e1s nem volt t\u00fal pozit\u00edv, egy h\u00e9t alatt viszont eg\u00e9sz j\u00f3l hozz\u00e1 lehetett szokni mindenhez. Abban mindannyian egyet\u00e9rtett\u00fcnk, hogy a t\u00f6r\u00f6k\u00f6k a vil\u00e1g legvend\u00e9gszeret\u0151bb emberei. A di\u00e1kok, a sz\u00fcl\u0151k \u00e9s a tan\u00e1rok is egyt\u0151l egyig nagyon kedvesek voltak, szeretetb\u0151l egy percig sem szenvedt\u00fcnk hi\u00e1nyt! Az ott t\u00f6lt\u00f6tt h\u00e9t alatt a t\u00f6r\u00f6kb\u0151l, olaszokb\u00f3l, szlov\u00e9nokb\u00f3l \u00e9s magyarokb\u00f3l \u00e1ll\u00f3 csapat remek\u00fcl \u00f6sszekov\u00e1csol\u00f3dott. Sikeresen megtal\u00e1ltuk a k\u00f6z\u00f6s hangot, rengeteget besz\u00e9lgett\u00fcnk \u00e9s minden perc j\u00f3 hangulatban telt. A program f\u0151 c\u00e9lja geotermikus energia megismer\u00e9se volt, \u00edgy azt\u00e1n megl\u00e1togattunk egy k\u00f6zeli geotermikus er\u0151m\u0171vet, k\u00e9s\u0151bb pedig ehhez kapcsol\u00f3d\u00f3 feladatokat oldottunk meg. Az, hogy egy\u00fctt dolgozzunk kis csapatokban k\u00fcl\u00f6nb\u00f6z\u0151 anyanyelv\u0171 di\u00e1kokkal egy eg\u00e9szen \u00fajfajta \u00e9lm\u00e9ny volt, \u00e9s m\u00e1r csak emiatt is nagyszer\u0171en telt. A k\u00f6rny\u00e9k leggy\u00f6ny\u00f6r\u0171bb helyeit is bej\u00e1rtuk, kezdve a v\u00e1rost k\u00f6r\u00fclvev\u0151 hegyekkel, ahov\u00e1 egy felvon\u00f3val ment\u00fcnk fel. Denizlib\u0151l minden nappal egyre t\u00f6bbet l\u00e1ttunk a suliba vezet\u0151 \u00fat \u00e9s a d\u00e9lut\u00e1ni kir\u00e1ndul\u00e1sok alkalm\u00e1val. Nek\u00fcnk egy \u00f3ri\u00e1si v\u00e1rosnak t\u0171nt, m\u00edg a t\u00f6r\u00f6k\u00f6k szerint nagyon kicsi. Viszont a hangulata tagadhatatlan, \u00f6r\u00f6kmozg\u00f3 \u00e9s \u00e9rdekes. Az utols\u00f3 napunkon megl\u00e1togattuk Hierapoliszt, Pammukkale-t \u00e9s Laodiceat. Nem hi\u00e1ba a r\u00e9szei a vil\u00e1g\u00f6r\u00f6ks\u00e9gnek, egyszer\u0171en leny\u0171g\u00f6z\u0151ek voltak! V\u00e9gezet\u00fcl pedig a t\u00f6r\u00f6k konyh\u00e1r\u00f3l, ami egy igaz\u00e1n kellemes csal\u00f3d\u00e1s volt! Mindennek egyedi \u00edze van, egy picit cs\u00edp\u0151s \u00e9s f\u0171szeres, de nagyon finom. A desszertek viszont borzaszt\u00f3an \u00e9desek, igaz\u00e1b\u00f3l f\u00e9l s\u00fctem\u00e9ny ut\u00e1n is j\u00f3l lehet lakni. De j\u00f3 magyarokhoz ill\u0151en mindent rendesen megett\u00fcnk. A hazafel\u00e9 \u00faton m\u00e9g Isztambulban is meg\u00e1lltunk p\u00e1r \u00f3r\u00e1ra. Oda m\u00e9g biztos visszamegyek, mert ennyi nem volt el\u00e9g, de amit l\u00e1ttunk az is gy\u00f6ny\u00f6r\u0171 volt! \u00d6sszess\u00e9g\u00e9ben azt hiszem mindannyian egy \u00e9letresz\u00f3l\u00f3 \u00e9lm\u00e9nnyel gazdagodtunk, amit sohasem felejt\u00fcnk el! Sok-sok hasznos dolgot tanultunk, megismerkedt\u00fcnk egy m\u00e1sik kult\u00far\u00e1val \u00e9s \u00faj bar\u00e1tokat is szerezt\u00fcnk. Rem\u00e9lem vel\u00fck is megmarad a kapcsolat \u00e9s tal\u00e1n a j\u00f6v\u0151ben egyszer m\u00e9g tal\u00e1lkozunk.<\/p>\n<p><em>Dorn J\u00falia &#8211; 10\/C<\/em><\/p>\n<hr>\n<p>&nbsp;<\/p>\n<p><span style=\"font-size: 18pt;\"><strong>Magyarorsz\u00e1g &#8211; 2018. m\u00e1jus<\/strong><\/span><\/p>\n<div id='gallery-2' class='gallery galleryid-317 gallery-columns-3 gallery-size-medium'><figure class='gallery-item'>\n\t\t\t<div class='gallery-icon landscape'>\n\t\t\t\t<a href='https:\/\/ferencesgimnazium.hu\/wp-content\/uploads\/2019\/01\/11.jpg'><img loading=\"lazy\" decoding=\"async\" width=\"300\" height=\"199\" src=\"https:\/\/ferencesgimnazium.hu\/wp-content\/uploads\/2019\/01\/11-300x199.jpg\" class=\"attachment-medium size-medium\" alt=\"\" srcset=\"https:\/\/ferencesgimnazium.hu\/wp-content\/uploads\/2019\/01\/11-300x199.jpg 300w, https:\/\/ferencesgimnazium.hu\/wp-content\/uploads\/2019\/01\/11-230x153.jpg 230w, https:\/\/ferencesgimnazium.hu\/wp-content\/uploads\/2019\/01\/11-350x232.jpg 350w, https:\/\/ferencesgimnazium.hu\/wp-content\/uploads\/2019\/01\/11-480x318.jpg 480w, https:\/\/ferencesgimnazium.hu\/wp-content\/uploads\/2019\/01\/11.jpg 624w\" sizes=\"auto, (max-width: 300px) 100vw, 300px\" \/><\/a>\n\t\t\t<\/div><\/figure><figure class='gallery-item'>\n\t\t\t<div class='gallery-icon landscape'>\n\t\t\t\t<a href='https:\/\/ferencesgimnazium.hu\/wp-content\/uploads\/2019\/01\/12.jpg'><img loading=\"lazy\" decoding=\"async\" width=\"300\" height=\"202\" src=\"https:\/\/ferencesgimnazium.hu\/wp-content\/uploads\/2019\/01\/12-300x202.jpg\" class=\"attachment-medium size-medium\" alt=\"\" srcset=\"https:\/\/ferencesgimnazium.hu\/wp-content\/uploads\/2019\/01\/12-300x202.jpg 300w, https:\/\/ferencesgimnazium.hu\/wp-content\/uploads\/2019\/01\/12-768x517.jpg 768w, https:\/\/ferencesgimnazium.hu\/wp-content\/uploads\/2019\/01\/12-1024x689.jpg 1024w, https:\/\/ferencesgimnazium.hu\/wp-content\/uploads\/2019\/01\/12-830x558.jpg 830w, https:\/\/ferencesgimnazium.hu\/wp-content\/uploads\/2019\/01\/12-230x155.jpg 230w, https:\/\/ferencesgimnazium.hu\/wp-content\/uploads\/2019\/01\/12-350x235.jpg 350w, https:\/\/ferencesgimnazium.hu\/wp-content\/uploads\/2019\/01\/12-480x323.jpg 480w, https:\/\/ferencesgimnazium.hu\/wp-content\/uploads\/2019\/01\/12.jpg 1085w\" sizes=\"auto, (max-width: 300px) 100vw, 300px\" \/><\/a>\n\t\t\t<\/div><\/figure><figure class='gallery-item'>\n\t\t\t<div class='gallery-icon landscape'>\n\t\t\t\t<a href='https:\/\/ferencesgimnazium.hu\/wp-content\/uploads\/2019\/01\/13.jpg'><img loading=\"lazy\" decoding=\"async\" width=\"300\" height=\"195\" src=\"https:\/\/ferencesgimnazium.hu\/wp-content\/uploads\/2019\/01\/13-300x195.jpg\" class=\"attachment-medium size-medium\" alt=\"\" srcset=\"https:\/\/ferencesgimnazium.hu\/wp-content\/uploads\/2019\/01\/13-300x195.jpg 300w, https:\/\/ferencesgimnazium.hu\/wp-content\/uploads\/2019\/01\/13-768x500.jpg 768w, https:\/\/ferencesgimnazium.hu\/wp-content\/uploads\/2019\/01\/13-1024x667.jpg 1024w, https:\/\/ferencesgimnazium.hu\/wp-content\/uploads\/2019\/01\/13-830x541.jpg 830w, https:\/\/ferencesgimnazium.hu\/wp-content\/uploads\/2019\/01\/13-230x150.jpg 230w, https:\/\/ferencesgimnazium.hu\/wp-content\/uploads\/2019\/01\/13-350x228.jpg 350w, https:\/\/ferencesgimnazium.hu\/wp-content\/uploads\/2019\/01\/13-480x313.jpg 480w, https:\/\/ferencesgimnazium.hu\/wp-content\/uploads\/2019\/01\/13.jpg 1096w\" sizes=\"auto, (max-width: 300px) 100vw, 300px\" \/><\/a>\n\t\t\t<\/div><\/figure>\n\t\t<\/div>\n\n<p style=\"text-align: justify;\">Az Erasmus+ program k\u00f6vetkez\u0151 \u00e1llom\u00e1sa Magyarorsz\u00e1g volt. Csapatunk hetekkel az orsz\u00e1gok \u00e9rkez\u00e9se el\u0151tt elkezdte szervezni a programokat! Mit ne mondjak nagyon j\u00f3l siker\u00fclt z\u00e1rnunk az eg\u00e9sz hetet. A hat orsz\u00e1g di\u00e1kjai: D\u00e1nia, Szlov\u00e9nia, Olaszorsz\u00e1g, Portug\u00e1lia, T\u00f6r\u00f6korsz\u00e1g es Magyarorsz\u00e1g k\u00f6z\u00f6sen vettek r\u00e9szt minden programban.&nbsp; T\u00f6bb est\u00e9t is a dunaparton t\u00f6lt\u00f6tt\u00fcnk, t\u00e1bort\u0171z mellett \u00e9nekelve \u00e9s csapat\u00e9p\u00edt\u0151 j\u00e1t\u00e9kokat j\u00e1tszva! Saj\u00e1t b\u0151r\u00f6m\u00f6n megtapasztaltam hogy \u00faj bar\u00e1ts\u00e1gok alakultak ki, amik rem\u00e9lem hosszan megmaradnak!&nbsp; A h\u00e9t f\u0151 t\u00e9m\u00e1ja a biomassza volt, ez\u00e9rt egyik nap megl\u00e1togattuk, tan\u00e1rok \u00e9s di\u00e1kok egyar\u00e1nt a P\u00e9csi biomassza \u00fczemet. Ezen k\u00edv\u00fcl sok m\u00e1s programmal kedveskedt\u00fcnk a k\u00fclf\u00f6ldieknek, pontosabban \u00faj bar\u00e1tainknak! A h\u00e9t egy kicsit d\u00f6c\u00f6g\u0151sen indult; vend\u00e9geink h\u00e9tf\u0151n nap k\u00f6zben sz\u00e1lling\u00f3ztak Szentendre k\u00f6rny\u00e9k\u00e9re, ez\u00e9rt mindenki m\u00e1s \u00e9s m\u00e1s id\u0151pontban kapta meg cseredi\u00e1kj\u00e1t.&nbsp;<br \/>\nKedd reggel, miut\u00e1n mindenki teljes l\u00e9tsz\u00e1mmal, igaz kicsit f\u00e1radtan de v\u00e9gtelen\u00fcl lelkesen, megjelent az iskola udvaron, kezd\u0151dhetett a bemutatkoz\u00e1s. Nem ak\u00e1rmilyen bemutatkoz\u00e1s volt! Minden vend\u00e9g orsz\u00e1g kedveskedett egy kis \u00e9tel k\u00f3stol\u00f3val, \u00e9s p\u00e1r plak\u00e1ttal k\u00f6rny\u00e9k\u00fckr\u0151l hogy jobban meg tudjuk ismerni \u0151ket, ezut\u00e1n rajtunk volt a sor. Kedden m\u00e9g volt egy iskola bemutat\u00e1s \u00e9s d\u00e9lut\u00e1n Szentendrei v\u00e1rosn\u00e9z\u00e9s! K\u00fcl\u00f6n akad\u00e1lyverseny is k\u00e9sz\u00fclt ez alkalomb\u00f3l.<br \/>\nSzerda d\u00e9lut\u00e1n Budapestet l\u00e1togattuk meg. Vend\u00e9g di\u00e1kjainkkal egy\u00fctt fel\u00fclt\u00fcnk a H\u00c9Vre Szentendr\u00e9n, majd a Batthy\u00e1ny t\u00e9rt\u0151l fels\u00e9t\u00e1ltunk a v\u00e1rba, ahonnan gy\u00f6ny\u00f6r\u0171 kil\u00e1t\u00e1s t\u00e1rult az eg\u00e9sz f\u0151v\u00e1rosra.<br \/>\nCs\u00fct\u00f6rt\u00f6k hajnalban Szentendr\u00e9n v\u00e1rt minket a busz ami P\u00e9csre sz\u00e1ll\u00edtotta a csapatot. D\u00e9lel\u0151tt megl\u00e1togattuk az \u00fczemet (ami egy interakt\u00edv t\u00e1j\u00e9koztat\u00f3t is tartalmazott), majd a d\u00e9lut\u00e1n folyam\u00e1n megl\u00e1togattuk a belv\u00e1rost, k\u00e9s\u0151bb egy gy\u00f6ny\u00f6r\u0171 \u00e9tteremben eb\u00e9delt\u00fcnk. Az id\u0151 sajnos ellen\u00fcnk fordult ez\u00e9rt a Balatoni l\u00e1togat\u00e1sr\u00f3l le kellett mondanunk, mindenki nagy sajn\u00e1lat\u00e1ra.<br \/>\nP\u00e9nteken el\u0151sz\u00f6r volt hogy nem egy\u00fctt mozgott a k\u00f6zel 50 f\u0151s magyar \u00e9s vend\u00e9g di\u00e1k csapat. D\u00e9lel\u0151tt cseredi\u00e1kjaink elmentek a Skanzent megn\u00e9zni, am\u00edg a Magyar di\u00e1koknak dolguk volt az iskol\u00e1ban. Majd itt \u00e9rzelmes b\u00facs\u00fat vett\u00fcnk a Portug\u00e1l di\u00e1kokt\u00f3l, akik sajnos egy nappal hamarabb mentek haza.<br \/>\nD\u00e9lut\u00e1n viszont folytat\u00f3dott a program egy nagy bowling m\u00e9rk\u0151z\u00e9ssel a V8-ban.&nbsp; Este, \u00ednycsikland\u00f3 vacsor\u00e1t kaptunk az iskol\u00e1ban, majd mindenki r\u00e9szt vett egy nagyszer\u0171 t\u00e1nch\u00e1zon.&nbsp; Nagyon sok \u00e9lm\u00e9nnyel gazdagodtunk a k\u00fclf\u00f6ldiek itt l\u00e9te alatt, \u00e9s m\u00e1r alig v\u00e1rjuk a k\u00f6vetkez\u0151 kiutaz\u00e1st D\u00e1ni\u00e1ba a j\u00f6v\u0151 \u00e9vi tan\u00e9vben!<\/p>\n<p><em>R\u00e1bai D\u00f3ra &#8211; 9\/C<\/em><\/p>\n<hr>\n<p>&nbsp;<\/p>\n<p><strong><span style=\"font-size: 18pt;\">D\u00e1nia &#8211; 2018. november<\/span><\/strong><\/p>\n<div id='gallery-3' class='gallery galleryid-317 gallery-columns-3 gallery-size-medium'><figure class='gallery-item'>\n\t\t\t<div class='gallery-icon landscape'>\n\t\t\t\t<a href='https:\/\/ferencesgimnazium.hu\/wp-content\/uploads\/2019\/01\/IMG_3076.jpg'><img loading=\"lazy\" decoding=\"async\" width=\"300\" height=\"225\" src=\"https:\/\/ferencesgimnazium.hu\/wp-content\/uploads\/2019\/01\/IMG_3076-300x225.jpg\" class=\"attachment-medium size-medium\" alt=\"\" srcset=\"https:\/\/ferencesgimnazium.hu\/wp-content\/uploads\/2019\/01\/IMG_3076-300x225.jpg 300w, https:\/\/ferencesgimnazium.hu\/wp-content\/uploads\/2019\/01\/IMG_3076-768x576.jpg 768w, https:\/\/ferencesgimnazium.hu\/wp-content\/uploads\/2019\/01\/IMG_3076-1024x768.jpg 1024w, https:\/\/ferencesgimnazium.hu\/wp-content\/uploads\/2019\/01\/IMG_3076-830x623.jpg 830w, https:\/\/ferencesgimnazium.hu\/wp-content\/uploads\/2019\/01\/IMG_3076-230x173.jpg 230w, https:\/\/ferencesgimnazium.hu\/wp-content\/uploads\/2019\/01\/IMG_3076-350x263.jpg 350w, https:\/\/ferencesgimnazium.hu\/wp-content\/uploads\/2019\/01\/IMG_3076-480x360.jpg 480w\" sizes=\"auto, (max-width: 300px) 100vw, 300px\" \/><\/a>\n\t\t\t<\/div><\/figure><figure class='gallery-item'>\n\t\t\t<div class='gallery-icon landscape'>\n\t\t\t\t<a href='https:\/\/ferencesgimnazium.hu\/wp-content\/uploads\/2019\/01\/IMG_2704.jpg'><img loading=\"lazy\" decoding=\"async\" width=\"300\" height=\"225\" src=\"https:\/\/ferencesgimnazium.hu\/wp-content\/uploads\/2019\/01\/IMG_2704-300x225.jpg\" class=\"attachment-medium size-medium\" alt=\"\" srcset=\"https:\/\/ferencesgimnazium.hu\/wp-content\/uploads\/2019\/01\/IMG_2704-300x225.jpg 300w, https:\/\/ferencesgimnazium.hu\/wp-content\/uploads\/2019\/01\/IMG_2704-768x576.jpg 768w, https:\/\/ferencesgimnazium.hu\/wp-content\/uploads\/2019\/01\/IMG_2704-1024x768.jpg 1024w, https:\/\/ferencesgimnazium.hu\/wp-content\/uploads\/2019\/01\/IMG_2704-830x623.jpg 830w, https:\/\/ferencesgimnazium.hu\/wp-content\/uploads\/2019\/01\/IMG_2704-230x173.jpg 230w, https:\/\/ferencesgimnazium.hu\/wp-content\/uploads\/2019\/01\/IMG_2704-350x263.jpg 350w, https:\/\/ferencesgimnazium.hu\/wp-content\/uploads\/2019\/01\/IMG_2704-480x360.jpg 480w\" sizes=\"auto, (max-width: 300px) 100vw, 300px\" \/><\/a>\n\t\t\t<\/div><\/figure><figure class='gallery-item'>\n\t\t\t<div class='gallery-icon landscape'>\n\t\t\t\t<a href='https:\/\/ferencesgimnazium.hu\/wp-content\/uploads\/2019\/01\/IMG_2617.jpg'><img loading=\"lazy\" decoding=\"async\" width=\"300\" height=\"225\" src=\"https:\/\/ferencesgimnazium.hu\/wp-content\/uploads\/2019\/01\/IMG_2617-300x225.jpg\" class=\"attachment-medium size-medium\" alt=\"\" srcset=\"https:\/\/ferencesgimnazium.hu\/wp-content\/uploads\/2019\/01\/IMG_2617-300x225.jpg 300w, https:\/\/ferencesgimnazium.hu\/wp-content\/uploads\/2019\/01\/IMG_2617-768x576.jpg 768w, https:\/\/ferencesgimnazium.hu\/wp-content\/uploads\/2019\/01\/IMG_2617-1024x768.jpg 1024w, https:\/\/ferencesgimnazium.hu\/wp-content\/uploads\/2019\/01\/IMG_2617-830x623.jpg 830w, https:\/\/ferencesgimnazium.hu\/wp-content\/uploads\/2019\/01\/IMG_2617-230x173.jpg 230w, https:\/\/ferencesgimnazium.hu\/wp-content\/uploads\/2019\/01\/IMG_2617-350x263.jpg 350w, https:\/\/ferencesgimnazium.hu\/wp-content\/uploads\/2019\/01\/IMG_2617-480x360.jpg 480w\" sizes=\"auto, (max-width: 300px) 100vw, 300px\" \/><\/a>\n\t\t\t<\/div><\/figure>\n\t\t<\/div>\n\n<p style=\"text-align: justify;\">M\u00e9g sosem voltam D\u00e1ni\u00e1ban. Mindig azt hittem, hogy a szomsz\u00e9ds\u00e1g\u00e1ban \u00e9szaki ir\u00e1nyba messzire ny\u00fal\u00f3 \u00c9szaki-tengernek k\u00f6sz\u00f6nhet\u0151en rengeteg pingvin \u00e9s lunda \u00e9l ott. Ut\u00f3lag kider\u00fclt, hogy csak lund\u00e1k lakj\u00e1k az orsz\u00e1g a legf\u00f6ls\u0151 peremter\u00fcletein. J\u00f3t nevetett rajtam az a d\u00e1n csal\u00e1d, akikn\u00e9l laktam, mikor megk\u00e9rdeztem, hogy \u00e9lnek-e az orsz\u00e1gban ilyen r\u00f6pk\u00e9ptelen madarak. Most m\u00e1r j\u00f3 tudni, hogy gyermekkorom egyik kedvenc anim\u00e1ci\u00f3s-filmje, a Madagaszk\u00e1r pingvinjei nem felt\u00e9tlen\u00fcl h\u0171 a val\u00f3s\u00e1ghoz. De err\u0151l a c\u00edm is \u00e1rulkodik.<br \/>\nB\u00e1r maga a program els\u0151sorban a sz\u00e9lenergia el\u0151\u00e1ll\u00edt\u00e1s\u00e1r\u00f3l \u00e9s felhaszn\u00e1l\u00e1s\u00e1r\u00f3l sz\u00f3lt, m\u00e9gis komoly gyakorlati tapasztalatokat adott az angol nyelv\u0171 kommunik\u00e1ci\u00f3 ter\u00e9n. Bar\u00e1ts\u00e1gok sz\u00fclettek egy h\u00e9t alatt. A t\u00e1rsas\u00e1g rendk\u00edv\u00fcl \u00e9rtelmesnek bizonyult. Az iskola Viborgban volt. Kiterjedt \u00e9p\u00fcletei igazi nyugatias oktat\u00e1si strukt\u00far\u00e1j\u00e1val elk\u00e1pr\u00e1ztattak benn\u00fcnket. Egyszer kiruccantunk a belv\u00e1rosba is, mely m\u00e1r kar\u00e1csonyi f\u00e9nyekben pomp\u00e1zott. Na meg azt\u00e1n t\u00f6bb \u201ebulit\u201d szerveztek a fiatals\u00e1gnak a gimn\u00e1ziumban. A hangulat teh\u00e1t nem volt olyan rideg \u00e9s hideg, mint a d\u00e1n id\u0151j\u00e1r\u00e1s. Persze ennek a j\u00f3 ked\u00e9ly\u0171 l\u00e9gk\u00f6rnek meg volt az \u00e1ra.<br \/>\nSokat megtudtam a sz\u00e9lenergi\u00e1r\u00f3l ebben az egy h\u00e9tben. T\u00f6bbek k\u00f6z\u00f6tt p\u00e9ld\u00e1ul azt is, hogy hogyan hasznos\u00edthatjuk az energi\u00e1t, hogyan m\u0171k\u00f6dik egy sz\u00e9lker\u00e9k, mi az az offshore farm. T\u00f6bb m\u00fazeumot is megvizsg\u00e1ltunk, hogy sz\u0171k l\u00e1t\u00f3k\u00f6r\u00fcnket kit\u00e1g\u00edtsuk a h\u00e9t v\u00e9g\u00e9re ezen a k\u00fcl\u00f6n\u00f6s ter\u00fcleten. A d\u00e1n di\u00e1kok igazi profik voltak. Gyakorlatias tud\u00e1suk seg\u00edts\u00e9g\u00e9vel a kit\u0171z\u00f6tt projektmunk\u00e1t m\u00e9rn\u00f6ki pontoss\u00e1ggal vitt\u00e9k v\u00e9gbe. Az empirikus feladat t\u00f6bb r\u00e9szb\u0151l \u00e1llt \u2013 egy terepmunk\u00e1b\u00f3l, ahol a sz\u00e9l sebess\u00e9g\u00e9t kellett megm\u00e9rn\u00fcnk k\u00fcl\u00f6nb\u00f6z\u0151 domborzati pontokon, \u00e9s egy modell k\u00e9sz\u00edt\u00e9s\u00e9b\u0151l, ahol egy sz\u00e9lkereket \u00e9p\u00edtett\u00fcnk, majd t\u00f6bb napnyi vizsg\u00e1l\u00f3d\u00e1s ut\u00e1n meg\u00e1llap\u00edtottuk, hogy melyik lap\u00e1t fajta, milyen sz\u00f6gben \u00e1ll\u00edtja el\u0151 a legt\u00f6bb energi\u00e1t. A h\u00e9t v\u00e9g\u00e9n pedig prezent\u00e1ci\u00f3ink seg\u00edts\u00e9g\u00e9vel megosztottuk egym\u00e1ssal az eredm\u00e9nyeinket. \u00cdgy lett kerek a szakmai t\u00f6rt\u00e9net.<br \/>\nDi\u00e1niai kiutaz\u00e1st nagyon \u00e9lveztem, \u00e1m az egy\u00e9ni v\u00e9lem\u00e9nyemen a sz\u00e9lenergia sz\u00e9lesk\u00f6r\u0171 megismer\u00e9se ut\u00e1n nem v\u00e1ltoztatott. Az emberis\u00e9g ezekben a percekben is mag\u00e1nak faragja s\u00edrboltj\u00e1t. Az emisszi\u00f3, a folyamatos erd\u0151irt\u00e1s, a b\u00e1ny\u00e1szat \u00e9s az \u00f3ce\u00e1nok, tengerek, foly\u00f3k, tavak szennyez\u00e9se, a term\u00e9szet izol\u00e1l\u00e1sa \u00e1ltal. A k\u00f6ztudatban nyilv\u00e1nval\u00f3an ezek a buk\u00e1sunkra visszavezethet\u0151 okok \u00e9lnek benn. Hab\u00e1r nem \u00e1ll\u00edthatom, hogy alaptalanok, a huszonegyedik sz\u00e1zadban ink\u00e1bb k\u00f6z\u00f6ns\u00e9ges rekl\u00e1msz\u00f6vegek. Csup\u00e1n propaganda az eg\u00e9sz, hogy v\u00e1s\u00e1roljunk meg\u00fajul\u00f3 energiaforr\u00e1sokat kihaszn\u00e1l\u00f3 technol\u00f3gi\u00e1t. V\u00e9dje a F\u00f6ldet! \u00c9ljen z\u00f6ldebben! Vegyen elektromos aut\u00f3t! Sajnos ezek az \u00e1rucikkek is egy nagy volumen\u0171 hatalmi \u00e1trendez\u0151d\u00e9s kell\u00e9kei. A fogyaszt\u00f3 centrikus t\u00e1rsadalomra \u00e9p\u00fcl\u0151 piaci v\u00e1ltoz\u00e1s. Ennek vagyunk a szemtan\u00fai, mikor egy ilyen rekl\u00e1mmal n\u00e9z\u00fcnk farkasszemet. Persze a z\u00f6ldebb l\u00e9t sz\u00fcks\u00e9ges egy olyan alternat\u00edv j\u00f6v\u0151 megval\u00f3s\u00edt\u00e1s\u00e1hoz, ahol az emberis\u00e9g egy \u00e9vnyi energia ig\u00e9nye megfelel a F\u00f6ld er\u0151forr\u00e1sainak. A m\u00e9rt\u00e9kletess\u00e9g a kulcs. \u00c1m szer\u00e9ny v\u00e9lem\u00e9nyem szerint az alternat\u00edv energi\u00e1t el\u0151\u00e1ll\u00edt\u00f3 technol\u00f3gi\u00e1k k\u00f6z\u00fcl se minden olyan j\u00f3, mint amilyennek egyesek be\u00e1ll\u00edtj\u00e1k. Ilyen p\u00e9ld\u00e1ul a sz\u00e9ler\u0151m\u0171. A hatalmas kerekek felsebzik a t\u00e1jat \u00e9s \u00e1llatok v\u00e1ndorl\u00e1s\u00e1t zavarj\u00e1k meg. \u00c9n ezen z\u00f6ld technol\u00f3gi\u00e1k k\u00f6z\u00fcl a geotermikus energi\u00e1t hasznos\u00edt\u00f3 rendszerekben b\u00edzn\u00e9k legink\u00e1bb. Magyarorsz\u00e1gnak pedig ehhez kit\u0171n\u0151 adotts\u00e1gai vannak. Teh\u00e1t a v\u00e9gs\u0151 k\u00f6vetkeztet\u00e9sem az, hogy a z\u00f6ld energia j\u00f3, de tudtunk kell, hogyan akarjuk el\u0151\u00e1ll\u00edtani.<\/p>\n<p><em>Frey Domonkos &#8211; 10\/A<\/em><\/p>\n","protected":false},"excerpt":{"rendered":"<p>T\u00f6r\u00f6korsz\u00e1g &#8211; 2018. janu\u00e1r P\u00e1r hete az Erasmus+ program keretein bel\u00fcl a magyar deleg\u00e1ci\u00f3 kint j\u00e1rt Denizliben, egy ny\u00fczsg\u0151, de [&hellip;]<\/p>\n","protected":false},"author":2,"featured_media":0,"parent":0,"menu_order":0,"comment_status":"closed","ping_status":"closed","template":"","meta":{"ngg_post_thumbnail":0,"footnotes":""},"class_list":["post-317","page","type-page","status-publish","hentry"],"_links":{"self":[{"href":"https:\/\/ferencesgimnazium.hu\/index.php\/wp-json\/wp\/v2\/pages\/317","targetHints":{"allow":["GET"]}}],"collection":[{"href":"https:\/\/ferencesgimnazium.hu\/index.php\/wp-json\/wp\/v2\/pages"}],"about":[{"href":"https:\/\/ferencesgimnazium.hu\/index.php\/wp-json\/wp\/v2\/types\/page"}],"author":[{"embeddable":true,"href":"https:\/\/ferencesgimnazium.hu\/index.php\/wp-json\/wp\/v2\/users\/2"}],"replies":[{"embeddable":true,"href":"https:\/\/ferencesgimnazium.hu\/index.php\/wp-json\/wp\/v2\/comments?post=317"}],"version-history":[{"count":5,"href":"https:\/\/ferencesgimnazium.hu\/index.php\/wp-json\/wp\/v2\/pages\/317\/revisions"}],"predecessor-version":[{"id":1901,"href":"https:\/\/ferencesgimnazium.hu\/index.php\/wp-json\/wp\/v2\/pages\/317\/revisions\/1901"}],"wp:attachment":[{"href":"https:\/\/ferencesgimnazium.hu\/index.php\/wp-json\/wp\/v2\/media?parent=317"}],"curies":[{"name":"wp","href":"https:\/\/api.w.org\/{rel}","templated":true}]}}