{"id":1658,"date":"2018-10-14T23:39:27","date_gmt":"2018-10-14T21:39:27","guid":{"rendered":"https:\/\/ferencesgimnazium.hu\/?page_id=1658"},"modified":"2019-04-02T10:36:50","modified_gmt":"2019-04-02T08:36:50","slug":"az-uj-sportcsarnok-koncepcioterve","status":"publish","type":"page","link":"https:\/\/ferencesgimnazium.hu\/index.php\/az-uj-sportcsarnok-koncepcioterve\/","title":{"rendered":"\u00daj sportcsarnok"},"content":{"rendered":"<p><span style=\"font-family: georgia, palatino, serif;\">Elk\u00e9sz\u00fclt iskol\u00e1nk leend\u0151 sportcsarnok\u00e1nak koncepci\u00f3s terve, melynek r\u00f6vid kivonat\u00e1t al\u00e1bb olvashatj\u00e1tok.<\/span><\/p>\n<p style=\"text-align: center;\"><span style=\"font-family: georgia, palatino, serif;\"><strong>KONCEPCI\u00d3TERV<br \/>\n<\/strong><strong>FERENCES GIMN\u00c1ZIUM, SPORTCSARNOK \u00c9P\u00cdT\u00c9SE<\/strong><\/span><\/p>\n<p><span style=\"font-family: georgia, palatino, serif;\"><strong><span style=\"text-decoration: underline;\">A projekt c\u00e9lja:<\/span><\/strong><\/span><\/p>\n<p style=\"text-align: justify;\"><span style=\"font-family: georgia, palatino, serif;\"><em><img loading=\"lazy\" decoding=\"async\" class=\"alignright wp-image-1660 size-medium\" src=\"https:\/\/ferencesgimnazium.hu\/wp-content\/uploads\/2018\/10\/csarnok-300x200.png\" alt=\"\" width=\"300\" height=\"200\" srcset=\"https:\/\/ferencesgimnazium.hu\/wp-content\/uploads\/2018\/10\/csarnok-300x200.png 300w, https:\/\/ferencesgimnazium.hu\/wp-content\/uploads\/2018\/10\/csarnok-230x153.png 230w, https:\/\/ferencesgimnazium.hu\/wp-content\/uploads\/2018\/10\/csarnok-350x233.png 350w, https:\/\/ferencesgimnazium.hu\/wp-content\/uploads\/2018\/10\/csarnok-480x319.png 480w, https:\/\/ferencesgimnazium.hu\/wp-content\/uploads\/2018\/10\/csarnok.png 571w\" sizes=\"auto, (max-width: 300px) 100vw, 300px\" \/>Szentendrei Ferences Gimn\u00e1zium r\u00e9sz\u00e9re \u00faj tornaterem \u00e9p\u00edt\u00e9se, mely alkalmas iskolai \u00e9s v\u00e1rosi rendezv\u00e9nyek&nbsp;megtart\u00e1s\u00e1ra. A tornaterem m\u00e9rete verseny k\u00e9zilabdap\u00e1lya m\u00e9ret\u0171, oldallel\u00e1t\u00f3val, \u00f6lt\u00f6z\u0151kkel \u00e9s kiszolg\u00e1l\u00f3helyis\u00e9gekkel a sport \u00e9s rendezv\u00e9nyfunkci\u00f3k megtart\u00e1s\u00e1hoz.<\/em><\/span><\/p>\n<p style=\"text-align: justify;\"><span style=\"font-family: georgia, palatino, serif;\">A tervez\u00e9si ter\u00fclet Szentendre belv\u00e1ros\u00e1ban tal\u00e1lhat\u00f3, a Ferences Gimn\u00e1zium \u00e9p\u00fclett\u00f6mbj\u00e9vel szemk\u00f6zti telek.<\/span><br \/>\n<span style=\"font-family: georgia, palatino, serif;\">A ter\u00fcleten jelenleg a gimn\u00e1zium haszn\u00e1lat\u00e1ban l\u00e9v\u0151 sportp\u00e1ly\u00e1k tal\u00e1lhat\u00f3k, tov\u00e1bb\u00e1 egy elbont\u00e1sra ker\u00fcl\u0151 kor\u00e1bbi lak\u00f3\u00e9p\u00fclet, \u00e9s egy magtart\u00e1sra ker\u00fcl\u0151 lak\u00f3h\u00e1z. A ter\u00fclet saroktelek, a Fulco De\u00e1k utca \u00e9s az Arz\u00e9n utca tal\u00e1lkoz\u00e1s\u00e1n\u00e1l.<\/span><br \/>\n<span style=\"font-family: georgia, palatino, serif;\">Tervez\u00e9si ter\u00fcletr\u0151l \u00e9s az \u00faj \u00e9p\u00fcletb\u0151l, r\u00e1l\u00e1t\u00e1s ny\u00edlik a Szentendre \u00f3v\u00e1ros\u00e1ban tal\u00e1lhat\u00f3 Belgr\u00e1d templom, Templomdombi templom \u00e9s P\u00e9ter-P\u00e1l templom tornyaira.<\/span><\/p>\n<p><a href=\"https:\/\/drive.google.com\/a\/ferencesgimnazium.hu\/file\/d\/1ws565wbxRbf6M0S64f-9LAobgYc0rJII\/view?usp=sharing\" target=\"_blank\" rel=\"noopener\">L\u00c1TV\u00c1NYTERV VIDE\u00d3N<\/a><\/p>\n<p><span style=\"font-family: georgia, palatino, serif;\"><strong><span style=\"text-decoration: underline;\">Tervezend\u0151 \u00e9p\u00fclet nett\u00f3 alapter\u00fclete:<br \/>\n<\/span><\/strong>f\u00f6ldszint: 2067 m2<\/span><br \/>\n<span style=\"font-family: georgia, palatino, serif;\">I. em: 840 m2<\/span><br \/>\n<span style=\"font-family: georgia, palatino, serif;\">II. em: 157 m2<\/span><br \/>\n<span style=\"font-family: georgia, palatino, serif;\">II. em. g\u00e9p\u00e9szet: 110 m2<\/span><br \/>\n<span style=\"font-family: georgia, palatino, serif;\"><strong>\u00f6sszes brutt\u00f3 szintter\u00fclet: 3174 m2<\/strong><\/span><\/p>\n<p style=\"text-align: justify;\"><span style=\"font-family: georgia, palatino, serif;\">Az \u00e9p\u00fclet k\u00fcls\u0151 megjelen\u00e9se a feh\u00e9r vakolt t\u00f6m\u00f6r falakb\u00f3l, \u00e1tt\u00f6rt feh\u00e9r sz\u00e1lbeton fel\u00fcletekb\u0151l, pala \u00e9s z\u00f6ld tet\u0151b\u0151l \u00e1ll.<\/span><br \/>\n<span style=\"font-family: georgia, palatino, serif;\">A f\u0151bej\u00e1rat az \u00f3v\u00e1ros fel\u00e9 n\u00e9z, sarokhelyzetben, oromfallal megjelenve a v\u00e1ros fel\u00e9.<\/span><br \/>\n<span style=\"font-family: georgia, palatino, serif;\">Az \u00e9p\u00fclet f\u0151 tere, a k\u00fczd\u0151t\u00e9r, melyet az utcavonalak \u00e9s a telekhat\u00e1r ment\u00e9n k\u00f6rbevesznek a hozz\u00e1 tartoz\u00f3 lel\u00e1t\u00f3 terek \u00e9s kiszolg\u00e1l\u00f3 funkci\u00f3k. A s\u00edkpadl\u00f3 tornatermi t\u00e9r hosszanti oldal\u00e1n v\u00e9gigh\u00faz\u00f3dik a fix lel\u00e1t\u00f3sor, mely \u00f6sszek\u00f6ti f\u00f6ldszinten l\u00e9v\u0151 sportp\u00e1ly\u00e1k szintj\u00e9t az els\u0151 emeleten tal\u00e1lhat\u00f3, k\u00e9t r\u00f6vid oldali gal\u00e9ri\u00e1val. A bels\u0151, k\u00f6r\u00fcl\u00f6lelt t\u00e9r az udvar ir\u00e1ny\u00e1ba ny\u00edlik, befelefordul\u00f3 t\u00e9rk\u00e9nt.<\/span><\/p>\n<p><span style=\"font-family: georgia, palatino, serif;\"><strong><span style=\"text-decoration: underline;\">L\u00e9tsz\u00e1madatok:<br \/>\n<\/span><\/strong>lel\u00e1t\u00f3 \u00fcl\u0151hely: 260 f\u0151<\/span><br \/>\n<span style=\"font-family: georgia, palatino, serif;\">n\u00e9z\u0151t\u00e9r \u00fcl\u0151hely (p\u00e1lya ter\u00fclet\u00e9n): 560 f\u0151<\/span><br \/>\n<span style=\"font-family: georgia, palatino, serif;\">\u00e1ll\u00f3hely: 200 f\u0151<\/span><br \/>\n<span style=\"font-family: georgia, palatino, serif;\">nagyterem \u00f6sszesen: 1020 f\u0151<\/span><br \/>\n<span style=\"font-family: georgia, palatino, serif;\">kiszolg\u00e1l\u00e1s: 180 f\u0151<\/span><br \/>\n<span style=\"font-family: georgia, palatino, serif;\"><strong>\u00f6sszes \u00e9p\u00fcleten bel\u00fcli l\u00e9tsz\u00e1m: 1200 f\u0151<\/strong><\/span><\/p>\n<p style=\"text-align: justify;\"><span style=\"font-family: georgia, palatino, serif;\">A bej\u00e1rati el\u0151csarnok gal\u00e9ri\u00e1zott, vertik\u00e1lis eloszt\u00f3t\u00e9rk\u00e9nt funkcion\u00e1l. Lift \u00e9s k\u00f6zleked\u0151 mag k\u00f6ti \u00f6ssze a f\u0151bej\u00e1rati \u00e9p\u00fcletszinteket. Reprezentat\u00edv l\u00e9pcs\u0151 vezet az els\u0151 emeleti lel\u00e1t\u00f3-gal\u00e9ri\u00e1khoz, pihen\u0151-v\u00e1r\u00f3 ter\u00fclethez, b\u00fcf\u00e9-k\u00e1v\u00e9z\u00f3hoz. A f\u0151bej\u00e1rati t\u00f6mb m\u00e1sodik emelet\u00e9n kapott helyet a kistornaszoba, mely berendezhet\u0151 konferenciateremnek. Az els\u0151 emeleti k\u00e1v\u00e9z\u00f3b\u00f3l \u00e9s a m\u00e1sodik emeleti konferenciateremb\u0151l ny\u00edlik kil\u00e1t\u00e1s az \u00f3v\u00e1ros fel\u00e9. A f\u0151bej\u00e1rati k\u00e9tszintes aula alkalmas ki\u00e1ll\u00edt\u00e1sok rendez\u00e9s\u00e9re. A k\u00fczd\u0151t\u00e9r kiszolg\u00e1l\u00e1s\u00e1hoz sz\u00fcks\u00e9ges \u00f6lt\u00f6z\u0151k a lel\u00e1t\u00f3 alatt, a szert\u00e1rak az \u00e9szaki gal\u00e9ria alatt kaptak helyet. A tornaterem s\u00edkpadl\u00f3s j\u00e1t\u00e9ktere, a lel\u00e1t\u00f3 \u00e9s a k\u00e9toldali gal\u00e9ria lehet\u0151s\u00e9get ad iskolai \u00e9s v\u00e1rosi rendezv\u00e9nyek befogad\u00e1s\u00e1ra. Mobil sz\u00ednpad helyezhet\u0151 el a j\u00e1t\u00e9kt\u00e9r hosszoldal\u00e1n, a legnagyobb l\u00e9tsz\u00e1m, ezer f\u0151, r\u00e9sz\u00e9re r\u00e1l\u00e1t\u00e1st biztos\u00edtva a sz\u00ednpadra. A mobil sz\u00ednpad fel\u00e1ll\u00edthat\u00f3 a terem r\u00f6vid oldal\u00e1n, h\u00e1tt\u00e9rsz\u00ednpadhoz kapcsol\u00f3dva. A s\u00edkpadl\u00f3s ter\u00fclet alkalmas catering rendezv\u00e9nyek befogad\u00e1s\u00e1ra, el\u0151k\u00e9sz\u00edt\u0151 catering helyis\u00e9ggel a f\u0151bej\u00e1rati t\u00f6mb gazdas\u00e1gi bej\u00e1rat\u00e1n\u00e1l. A j\u00e1t\u00e9kt\u00e9r anyaghaszn\u00e1lata, a rendezv\u00e9nyek eszt\u00e9tikai h\u00e1ttere v\u00e9gett, meleg hangulat\u00fa, b\u00e9zs sz\u00edn\u0171 padl\u00f3val, a falak \u00e9s a mennyezet fa, illetve fa hat\u00e1s\u00fa burkolatot kapnak, s\u00fcllyesztett l\u00e1mpatestekkel. A k\u00fczd\u0151t\u00e9r burkolata rugalmas habal\u00e1t\u00e9tes aljzatra fektetett sportburkolat. A k\u00fczd\u0151t\u00e9r mindegyik oldal\u00e1ra feltekerhet\u0151 h\u00e1l\u00f3 tervezett, 10&#215;10 cm-es h\u00e1l\u00f3oszt\u00e1ssal. A k\u00fczd\u0151t\u00e9r (tornaterem) motorikusan mozgathat\u00f3 t\u00e9relv\u00e1laszt\u00f3val k\u00e9t egyenl\u0151 r\u00e9szre oszthat\u00f3, ami k\u00e9t oszt\u00e1ly egyidej\u0171 foglalkoz\u00e1s\u00e1t teszi lehet\u0151v\u00e9. Egy\u00e9b \u2013 a testnevel\u00e9si \u00f3r\u00e1k megtart\u00e1s\u00e1hoz sz\u00fcks\u00e9ges felszerel\u00e9sek (m\u00e1sz\u00f3k\u00f6t\u00e9l, fali ny\u00fajt\u00f3, gy\u0171r\u0171, stb.) elhelyezhet\u0151ek. M\u00e1sz\u00f3k\u00f6t\u00e9l 5,0 m hossz\u00fa, 50 cm-r\u0151l indul. Bord\u00e1sfal betervezett, a hosszoldali homlokzat ment\u00e9n: 3 x 3 db.<\/span><\/p>\n<p><span style=\"font-family: georgia, palatino, serif;\"><strong><span style=\"text-decoration: underline;\">\u00c1lland\u00f3 jelz\u00e9ssel felfestett p\u00e1ly\u00e1k:<\/span><\/strong><\/span><\/p>\n<ul>\n<li><span style=\"font-family: georgia, palatino, serif;\"><strong>K\u00e9zilabda p\u00e1lya:<\/strong> 1 db 40&#215;20 m \u2013 versenyp\u00e1lya<\/span><\/li>\n<li><span style=\"font-family: georgia, palatino, serif;\"><strong>Footsall p\u00e1lya:<\/strong> 1 db 40&#215;20 m \u2013 versenyp\u00e1lya<\/span><\/li>\n<li><span style=\"font-family: georgia, palatino, serif;\"><strong>Kos\u00e1rlabda p\u00e1lya:<\/strong> 1 db 15&#215;28 m \u2013 versenyp\u00e1lya<\/span><\/li>\n<li><span style=\"font-family: georgia, palatino, serif;\"><strong>Kos\u00e1rlabda p\u00e1lya:<\/strong> 3 db 11&#215;20 m \u2013 edz\u0151p\u00e1lya<\/span><\/li>\n<li><span style=\"font-family: georgia, palatino, serif;\"><strong>R\u00f6plabda p\u00e1lya:<\/strong> 1 db 9&#215;18 m \u2013 versenyp\u00e1lya<\/span><\/li>\n<li><span style=\"font-family: georgia, palatino, serif;\"><strong>Torna\u00f3ra:<\/strong> 1 db 40&#215;20 m \u2013 tornaterem<\/span><\/li>\n<li><span style=\"font-family: georgia, palatino, serif;\"><strong>Torna\u00f3ra:<\/strong> 2 db 20&#215;20 m \u2013 tornaterem<\/span><\/li>\n<\/ul>\n<p style=\"text-align: justify;\"><span style=\"font-family: georgia, palatino, serif;\">A kos\u00e1rlabdapal\u00e1nkok a mennyezetr\u0151l motorikusan lehajthat\u00f3k. M\u00e1sz\u00f3fal elhelyez\u00e9s\u00e9re a k\u00fczd\u0151t\u00e9r melletti gal\u00e9ri\u00e1zott k\u00f6zleked\u0151n van lehet\u0151s\u00e9g, belt\u00e9ri \u00e9s k\u00fclt\u00e9ri-fedett m\u00e1sz\u00f3fal kialak\u00edt\u00e1ssal.<\/span><\/p>\nngg_shortcode_0_placeholder\n","protected":false},"excerpt":{"rendered":"<p>Elk\u00e9sz\u00fclt iskol\u00e1nk leend\u0151 sportcsarnok\u00e1nak koncepci\u00f3s terve, melynek r\u00f6vid kivonat\u00e1t al\u00e1bb olvashatj\u00e1tok. KONCEPCI\u00d3TERV FERENCES GIMN\u00c1ZIUM, SPORTCSARNOK \u00c9P\u00cdT\u00c9SE A projekt c\u00e9lja: Szentendrei [&hellip;]<\/p>\n","protected":false},"author":2,"featured_media":0,"parent":0,"menu_order":0,"comment_status":"closed","ping_status":"closed","template":"","meta":{"ngg_post_thumbnail":0,"footnotes":""},"class_list":["post-1658","page","type-page","status-publish","hentry"],"_links":{"self":[{"href":"https:\/\/ferencesgimnazium.hu\/index.php\/wp-json\/wp\/v2\/pages\/1658","targetHints":{"allow":["GET"]}}],"collection":[{"href":"https:\/\/ferencesgimnazium.hu\/index.php\/wp-json\/wp\/v2\/pages"}],"about":[{"href":"https:\/\/ferencesgimnazium.hu\/index.php\/wp-json\/wp\/v2\/types\/page"}],"author":[{"embeddable":true,"href":"https:\/\/ferencesgimnazium.hu\/index.php\/wp-json\/wp\/v2\/users\/2"}],"replies":[{"embeddable":true,"href":"https:\/\/ferencesgimnazium.hu\/index.php\/wp-json\/wp\/v2\/comments?post=1658"}],"version-history":[{"count":5,"href":"https:\/\/ferencesgimnazium.hu\/index.php\/wp-json\/wp\/v2\/pages\/1658\/revisions"}],"predecessor-version":[{"id":2063,"href":"https:\/\/ferencesgimnazium.hu\/index.php\/wp-json\/wp\/v2\/pages\/1658\/revisions\/2063"}],"wp:attachment":[{"href":"https:\/\/ferencesgimnazium.hu\/index.php\/wp-json\/wp\/v2\/media?parent=1658"}],"curies":[{"name":"wp","href":"https:\/\/api.w.org\/{rel}","templated":true}]}}